{"id":296,"date":"2026-08-15T13:37:36","date_gmt":"2026-08-15T13:37:36","guid":{"rendered":"https:\/\/czarnykwadrat.eu\/?page_id=296"},"modified":"2026-08-19T18:31:07","modified_gmt":"2026-08-19T18:31:07","slug":"warsztaty","status":"publish","type":"page","link":"https:\/\/czarnykwadrat.eu\/index.php\/warsztaty\/","title":{"rendered":"warsztaty"},"content":{"rendered":"\t\t<div data-elementor-type=\"wp-page\" data-elementor-id=\"296\" class=\"elementor elementor-296\">\n\t\t\t\t<div class=\"elementor-element elementor-element-13c0d535 e-flex e-con-boxed e-con e-parent\" data-id=\"13c0d535\" data-element_type=\"container\" data-e-type=\"container\">\n\t\t\t\t\t<div class=\"e-con-inner\">\n\t\t\t\t<div class=\"elementor-element elementor-element-500dc34c elementor-widget elementor-widget-text-editor\" data-id=\"500dc34c\" data-element_type=\"widget\" data-e-type=\"widget\" data-widget_type=\"text-editor.default\">\n\t\t\t\t\t\t\t\t\t<p class=\"p1\">Jeszcze w\u00a0trakcie studi\u00f3w przygotowywa\u0142am i\u00a0prowadzi\u0142am cykle warsztat\u00f3w, kuratorowa\u0142am kilku wystawom, pracowa\u0142am w\u00a0kole naukowym (Mi\u0142o\u015bnik\u00f3w Sztuki). Aktualnie jako freelancerka, okazjonalnie prowadz\u0119 warsztaty w\u00a0Muzeum Wn\u0119trz w Otwocku Wielkim.<\/p>\n<p><!-- \/wp:image --><!-- wp:paragraph --><\/p>\n<p><!-- \/wp:paragraph --><\/p>\t\t\t\t\t\t\t\t<\/div>\n\t\t\t\t\t<\/div>\n\t\t\t\t<\/div>\n\t\t<div class=\"elementor-element elementor-element-4591fbb e-grid e-con-boxed e-con e-parent\" data-id=\"4591fbb\" data-element_type=\"container\" data-e-type=\"container\">\n\t\t\t\t\t<div class=\"e-con-inner\">\n\t\t\t\t\t<a href=\"https:\/\/czarnykwadrat.eu\/index.php\/2024\/09\/07\/barwy-rzeki\/\" target=\"_blank\" class=\"e-image-link-base\" data-interaction-id=\"ccbc3ad\"\n\t><img fetchpriority=\"high\" decoding=\"async\" class=\"e-image-base e-ccbc3ad-2bbf2e4\" id=\"938\" src=\"https:\/\/czarnykwadrat.eu\/wp-content\/uploads\/2026\/08\/2024-09-07_barwy-rzeki.png\" width=\"1919\" height=\"1371\" srcset=\"https:\/\/czarnykwadrat.eu\/wp-content\/uploads\/2026\/08\/2024-09-07_barwy-rzeki.png 1919w, https:\/\/czarnykwadrat.eu\/wp-content\/uploads\/2026\/08\/2024-09-07_barwy-rzeki-300x214.png 300w, https:\/\/czarnykwadrat.eu\/wp-content\/uploads\/2026\/08\/2024-09-07_barwy-rzeki-1024x732.png 1024w, https:\/\/czarnykwadrat.eu\/wp-content\/uploads\/2026\/08\/2024-09-07_barwy-rzeki-768x549.png 768w, https:\/\/czarnykwadrat.eu\/wp-content\/uploads\/2026\/08\/2024-09-07_barwy-rzeki-1536x1097.png 1536w\" alt=\"\"\/>\t<\/a>\t\t\t\t\t<a href=\"https:\/\/czarnykwadrat.eu\/index.php\/2024\/11\/23\/maski-na-impreze-niespodzianke-dla-ignacego-jana\/\" target=\"_blank\" class=\"e-image-link-base\" data-interaction-id=\"001190a\"\n\t><img decoding=\"async\" class=\"e-image-base e-001190a-ec32684\" id=\"939\" src=\"https:\/\/czarnykwadrat.eu\/wp-content\/uploads\/2026\/08\/2024-11-23-urodziny-Ignacego-Jana.png\" width=\"1920\" height=\"1371\" srcset=\"https:\/\/czarnykwadrat.eu\/wp-content\/uploads\/2026\/08\/2024-11-23-urodziny-Ignacego-Jana.png 1920w, https:\/\/czarnykwadrat.eu\/wp-content\/uploads\/2026\/08\/2024-11-23-urodziny-Ignacego-Jana-300x214.png 300w, https:\/\/czarnykwadrat.eu\/wp-content\/uploads\/2026\/08\/2024-11-23-urodziny-Ignacego-Jana-1024x731.png 1024w, https:\/\/czarnykwadrat.eu\/wp-content\/uploads\/2026\/08\/2024-11-23-urodziny-Ignacego-Jana-768x548.png 768w, https:\/\/czarnykwadrat.eu\/wp-content\/uploads\/2026\/08\/2024-11-23-urodziny-Ignacego-Jana-1536x1097.png 1536w\" alt=\"\"\/>\t<\/a>\t\t\t\t\t<\/div>\n\t\t\t\t<\/div>\n\t\t<div class=\"elementor-element elementor-element-19f3ef4 e-grid e-con-boxed e-con e-parent\" data-id=\"19f3ef4\" data-element_type=\"container\" data-e-type=\"container\">\n\t\t\t\t\t<div class=\"e-con-inner\">\n\t\t\t\t\t<a href=\"https:\/\/czarnykwadrat.eu\/index.php\/2024\/12\/07\/cherubiny-i-serafiny\/\" target=\"_blank\" class=\"e-image-link-base\" data-interaction-id=\"4b4918b\"\n\t><img decoding=\"async\" class=\"e-image-base e-4b4918b-1351ed3\" id=\"943\" src=\"https:\/\/czarnykwadrat.eu\/wp-content\/uploads\/2026\/08\/2024-12-07-Cherubiny-i-serafiny.png\" width=\"1920\" height=\"1371\" srcset=\"https:\/\/czarnykwadrat.eu\/wp-content\/uploads\/2026\/08\/2024-12-07-Cherubiny-i-serafiny.png 1920w, https:\/\/czarnykwadrat.eu\/wp-content\/uploads\/2026\/08\/2024-12-07-Cherubiny-i-serafiny-300x214.png 300w, https:\/\/czarnykwadrat.eu\/wp-content\/uploads\/2026\/08\/2024-12-07-Cherubiny-i-serafiny-1024x731.png 1024w, https:\/\/czarnykwadrat.eu\/wp-content\/uploads\/2026\/08\/2024-12-07-Cherubiny-i-serafiny-768x548.png 768w, https:\/\/czarnykwadrat.eu\/wp-content\/uploads\/2026\/08\/2024-12-07-Cherubiny-i-serafiny-1536x1097.png 1536w\" alt=\"\"\/>\t<\/a>\t\t\t\t\t<a href=\"https:\/\/czarnykwadrat.eu\/index.php\/2025\/09\/07\/cuda-z-papieru\/\" target=\"_blank\" class=\"e-image-link-base\" data-interaction-id=\"94f08fe\"\n\t><img loading=\"lazy\" decoding=\"async\" class=\"e-image-base e-94f08fe-b242211\" id=\"946\" src=\"https:\/\/czarnykwadrat.eu\/wp-content\/uploads\/2026\/08\/2025-09-07_Stowarzyszenie-Rozglos_Cuda-z-papieru.png\" width=\"1920\" height=\"1371\" srcset=\"https:\/\/czarnykwadrat.eu\/wp-content\/uploads\/2026\/08\/2025-09-07_Stowarzyszenie-Rozglos_Cuda-z-papieru.png 1920w, https:\/\/czarnykwadrat.eu\/wp-content\/uploads\/2026\/08\/2025-09-07_Stowarzyszenie-Rozglos_Cuda-z-papieru-300x214.png 300w, https:\/\/czarnykwadrat.eu\/wp-content\/uploads\/2026\/08\/2025-09-07_Stowarzyszenie-Rozglos_Cuda-z-papieru-1024x731.png 1024w, https:\/\/czarnykwadrat.eu\/wp-content\/uploads\/2026\/08\/2025-09-07_Stowarzyszenie-Rozglos_Cuda-z-papieru-768x548.png 768w, https:\/\/czarnykwadrat.eu\/wp-content\/uploads\/2026\/08\/2025-09-07_Stowarzyszenie-Rozglos_Cuda-z-papieru-1536x1097.png 1536w\" alt=\"\"\/>\t<\/a>\t\t\t\t\t<\/div>\n\t\t\t\t<\/div>\n\t\t<div class=\"elementor-element elementor-element-37fd932 e-grid e-con-boxed e-con e-parent\" data-id=\"37fd932\" data-element_type=\"container\" data-e-type=\"container\">\n\t\t\t\t\t<div class=\"e-con-inner\">\n\t\t\t\t\t<a href=\"https:\/\/czarnykwadrat.eu\/index.php\/2025\/11\/09\/xix-i-xxi-wiek-w-jednym-projekcie\/\" target=\"_blank\" class=\"e-image-link-base\" data-interaction-id=\"5b2b2d0\"\n\t><img loading=\"lazy\" decoding=\"async\" class=\"e-image-base e-5b2b2d0-d597bf5\" id=\"950\" src=\"https:\/\/czarnykwadrat.eu\/wp-content\/uploads\/2026\/08\/2025-11-09-projekty-strojow.png\" width=\"1920\" height=\"1371\" srcset=\"https:\/\/czarnykwadrat.eu\/wp-content\/uploads\/2026\/08\/2025-11-09-projekty-strojow.png 1920w, https:\/\/czarnykwadrat.eu\/wp-content\/uploads\/2026\/08\/2025-11-09-projekty-strojow-300x214.png 300w, https:\/\/czarnykwadrat.eu\/wp-content\/uploads\/2026\/08\/2025-11-09-projekty-strojow-1024x731.png 1024w, https:\/\/czarnykwadrat.eu\/wp-content\/uploads\/2026\/08\/2025-11-09-projekty-strojow-768x548.png 768w, https:\/\/czarnykwadrat.eu\/wp-content\/uploads\/2026\/08\/2025-11-09-projekty-strojow-1536x1097.png 1536w\" alt=\"\"\/>\t<\/a>\t\t\t\t\t<a href=\"https:\/\/czarnykwadrat.eu\/index.php\/2026\/08\/19\/warsztaty-letnie-grafika-warsztatowa\/\" target=\"_blank\" class=\"e-image-link-base\" data-interaction-id=\"222ecb2\"\n\t><img decoding=\"async\" class=\"e-image-base \" src=\"https:\/\/czarnykwadrat.eu\/wp-content\/plugins\/elementor\/assets\/images\/placeholder-v4.svg\" alt=\"\"\/>\t<\/a>\t\t\t\t\t<\/div>\n\t\t\t\t<\/div>\n\t\t<div class=\"elementor-element elementor-element-cb1d536 e-grid e-con-boxed e-con e-parent\" data-id=\"cb1d536\" data-element_type=\"container\" data-e-type=\"container\">\n\t\t\t\t\t<div class=\"e-con-inner\">\n\t\t\t\t\t<a href=\"https:\/\/czarnykwadrat.eu\/index.php\/2026\/08\/19\/warsztaty-letnie-pola-leona-tarasewicza\/\" target=\"_blank\" class=\"e-image-link-base\" data-interaction-id=\"e6634c0\"\n\t><img decoding=\"async\" class=\"e-image-base \" src=\"https:\/\/czarnykwadrat.eu\/wp-content\/plugins\/elementor\/assets\/images\/placeholder-v4.svg\" alt=\"\"\/>\t<\/a>\t\t\t\t\t<a href=\"https:\/\/czarnykwadrat.eu\/index.php\/2026\/08\/19\/warsztaty-letnie-torby\/\" target=\"_blank\" class=\"e-image-link-base\" data-interaction-id=\"81bbe51\"\n\t><img decoding=\"async\" class=\"e-image-base \" src=\"https:\/\/czarnykwadrat.eu\/wp-content\/plugins\/elementor\/assets\/images\/placeholder-v4.svg\" alt=\"\"\/>\t<\/a>\t\t\t\t\t<\/div>\n\t\t\t\t<\/div>\n\t\t<div class=\"elementor-element elementor-element-5690753 e-grid e-con-boxed e-con e-parent\" data-id=\"5690753\" data-element_type=\"container\" data-e-type=\"container\">\n\t\t\t\t\t<div class=\"e-con-inner\">\n\t\t\t\t\t<a href=\"https:\/\/czarnykwadrat.eu\/index.php\/2026\/08\/19\/warsztaty-letnie-action-painting\/\" target=\"_blank\" class=\"e-image-link-base\" data-interaction-id=\"81ee398\"\n\t><img decoding=\"async\" class=\"e-image-base \" src=\"https:\/\/czarnykwadrat.eu\/wp-content\/plugins\/elementor\/assets\/images\/placeholder-v4.svg\" alt=\"\"\/>\t<\/a>\t\t\t\t\t<a href=\"https:\/\/czarnykwadrat.eu\/index.php\/2026\/08\/19\/warsztaty-letnie-ksiazka-od-ilustracji-do-skladek\/\" target=\"_blank\" class=\"e-image-link-base\" data-interaction-id=\"8a0f074\"\n\t><img decoding=\"async\" class=\"e-image-base \" src=\"https:\/\/czarnykwadrat.eu\/wp-content\/plugins\/elementor\/assets\/images\/placeholder-v4.svg\" alt=\"\"\/>\t<\/a>\t\t\t\t\t<\/div>\n\t\t\t\t<\/div>\n\t\t<div class=\"elementor-element elementor-element-9fb23f8 e-grid e-con-boxed e-con e-parent\" data-id=\"9fb23f8\" data-element_type=\"container\" data-e-type=\"container\">\n\t\t\t\t\t<div class=\"e-con-inner\">\n\t\t\t\t\t<a href=\"https:\/\/czarnykwadrat.eu\/index.php\/2026\/08\/19\/warsztaty-letnie-drzewa\/\" target=\"_blank\" class=\"e-image-link-base\" data-interaction-id=\"69c9d73\"\n\t><img decoding=\"async\" class=\"e-image-base \" src=\"https:\/\/czarnykwadrat.eu\/wp-content\/plugins\/elementor\/assets\/images\/placeholder-v4.svg\" alt=\"\"\/>\t<\/a>\t\t\t\t\t<a href=\"https:\/\/czarnykwadrat.eu\/index.php\/2026\/08\/19\/warsztaty-letnie-projekty-bieznikow\/\" target=\"_blank\" class=\"e-image-link-base\" data-interaction-id=\"11cd82f\"\n\t><img decoding=\"async\" class=\"e-image-base \" src=\"https:\/\/czarnykwadrat.eu\/wp-content\/plugins\/elementor\/assets\/images\/placeholder-v4.svg\" alt=\"\"\/>\t<\/a>\t\t\t\t\t<\/div>\n\t\t\t\t<\/div>\n\t\t<div class=\"elementor-element elementor-element-b7ef16c e-grid e-con-boxed e-con e-parent\" data-id=\"b7ef16c\" data-element_type=\"container\" data-e-type=\"container\">\n\t\t\t\t\t<div class=\"e-con-inner\">\n\t\t\t\t\t<a href=\"https:\/\/czarnykwadrat.eu\/index.php\/2026\/08\/19\/warsztaty-letnie-malarstwo-i-tkaniny\/\" target=\"_blank\" class=\"e-image-link-base\" data-interaction-id=\"3c08229\"\n\t><img decoding=\"async\" class=\"e-image-base \" src=\"https:\/\/czarnykwadrat.eu\/wp-content\/plugins\/elementor\/assets\/images\/placeholder-v4.svg\" alt=\"\"\/>\t<\/a>\t\t\t\t\t<\/div>\n\t\t\t\t<\/div>\n\t\t\t\t<\/div>\n\t\t","protected":false},"excerpt":{"rendered":"<p>Jeszcze w\u00a0trakcie studi\u00f3w przygotowywa\u0142am i\u00a0prowadzi\u0142am cykle warsztat\u00f3w, kuratorowa\u0142am kilku wystawom, pracowa\u0142am w\u00a0kole naukowym (Mi\u0142o\u015bnik\u00f3w Sztuki). Aktualnie jako freelancerka, okazjonalnie prowadz\u0119 warsztaty w\u00a0Muzeum Wn\u0119trz w Otwocku Wielkim.<\/p>\n","protected":false},"author":2,"featured_media":0,"parent":0,"menu_order":0,"comment_status":"closed","ping_status":"closed","template":"","meta":{"footnotes":""},"class_list":["post-296","page","type-page","status-publish","hentry"],"_links":{"self":[{"href":"https:\/\/czarnykwadrat.eu\/index.php\/wp-json\/wp\/v2\/pages\/296","targetHints":{"allow":["GET"]}}],"collection":[{"href":"https:\/\/czarnykwadrat.eu\/index.php\/wp-json\/wp\/v2\/pages"}],"about":[{"href":"https:\/\/czarnykwadrat.eu\/index.php\/wp-json\/wp\/v2\/types\/page"}],"author":[{"embeddable":true,"href":"https:\/\/czarnykwadrat.eu\/index.php\/wp-json\/wp\/v2\/users\/2"}],"replies":[{"embeddable":true,"href":"https:\/\/czarnykwadrat.eu\/index.php\/wp-json\/wp\/v2\/comments?post=296"}],"version-history":[{"count":142,"href":"https:\/\/czarnykwadrat.eu\/index.php\/wp-json\/wp\/v2\/pages\/296\/revisions"}],"predecessor-version":[{"id":1036,"href":"https:\/\/czarnykwadrat.eu\/index.php\/wp-json\/wp\/v2\/pages\/296\/revisions\/1036"}],"wp:attachment":[{"href":"https:\/\/czarnykwadrat.eu\/index.php\/wp-json\/wp\/v2\/media?parent=296"}],"curies":[{"name":"wp","href":"https:\/\/api.w.org\/{rel}","templated":true}]}}