{"id":14,"date":"2026-06-07T00:50:12","date_gmt":"2026-06-07T00:50:12","guid":{"rendered":"http:\/\/czarnykwadrat.eu\/?page_id=14"},"modified":"2026-08-17T04:13:14","modified_gmt":"2026-08-17T04:13:14","slug":"edukacja-artystyczna","status":"publish","type":"page","link":"https:\/\/czarnykwadrat.eu\/","title":{"rendered":"edukacja artystyczna"},"content":{"rendered":"\n<p class=\"wp-block-paragraph\">Studiowa\u0142am w\u00a0Instytucie Edukacji Artystycznej APS im.\u00a0Marii Grzegorzewskiej, miejscu wyj\u0105tkowym, kt\u00f3re stworzy\u0142y(li) artystki(\u015bci) r\u00f3\u017cnych dziedzin sztuki ale te\u017c specjalistki(ci) w\u0142a\u015bnie edukacji artystycznej. Jednym z\u00a0za\u0142o\u017ce\u0144 by\u0142o przekonanie, \u017ce kto\u015b, kto uczy sztuki musi t\u0119 sztuk\u0119 uprawia\u0107 i\u00a0pozna\u0107 j\u0105 w\u00a0jak najszerszym zakresie (zanim wybierze swoj\u0105 artystyczn\u0105 drog\u0119). Uczelnia, kt\u00f3rej cz\u0119\u015bci\u0105 jest Instytut \u2013 Akademia Pedagogiki Specjalnej \u2013 jest miejscem, w\u00a0kt\u00f3rym mo\u017cna otrzyma\u0107 szlify pedagogiczne na wysokim poziomie i\u00a0tak\u017ce w\u00a0bogatym zakresie. M\u00f3wi\u0105c szczerze nie by\u0142y to lekkie studia, ale da\u0142y mi ogromn\u0105 satysfakcj\u0119, mo\u017cliwo\u015b\u0107 rozwoju w\u0142asnego i\u00a0bardzo porz\u0105dn\u0105 wiedz\u0119 zawodow\u0105 (co jest te\u017c nieco moim przekle\u0144stwem, ale to na inny w\u0105tek).<\/p>\n\n\n\n<p class=\"wp-block-paragraph\"><\/p>\n","protected":false},"excerpt":{"rendered":"<p>Studiowa\u0142am w\u00a0Instytucie Edukacji Artystycznej APS im.\u00a0Marii Grzegorzewskiej, miejscu wyj\u0105tkowym, kt\u00f3re stworzy\u0142y(li) artystki(\u015bci) r\u00f3\u017cnych dziedzin sztuki ale te\u017c specjalistki(ci) w\u0142a\u015bnie edukacji artystycznej. Jednym z\u00a0za\u0142o\u017ce\u0144 by\u0142o przekonanie, \u017ce kto\u015b, kto uczy sztuki musi t\u0119 sztuk\u0119 uprawia\u0107 i\u00a0pozna\u0107 j\u0105 w\u00a0jak najszerszym zakresie (zanim wybierze swoj\u0105 artystyczn\u0105 drog\u0119). Uczelnia, kt\u00f3rej cz\u0119\u015bci\u0105 jest Instytut \u2013 Akademia Pedagogiki Specjalnej \u2013 jest &hellip; <\/p>\n<p class=\"link-more\"><a href=\"https:\/\/czarnykwadrat.eu\/\" class=\"more-link\">Continue reading<span class=\"screen-reader-text\"> &#8220;edukacja artystyczna&#8221;<\/span><\/a><\/p>\n","protected":false},"author":2,"featured_media":64,"parent":0,"menu_order":0,"comment_status":"closed","ping_status":"closed","template":"","meta":{"footnotes":""},"class_list":["post-14","page","type-page","status-publish","has-post-thumbnail","hentry"],"_links":{"self":[{"href":"https:\/\/czarnykwadrat.eu\/index.php\/wp-json\/wp\/v2\/pages\/14","targetHints":{"allow":["GET"]}}],"collection":[{"href":"https:\/\/czarnykwadrat.eu\/index.php\/wp-json\/wp\/v2\/pages"}],"about":[{"href":"https:\/\/czarnykwadrat.eu\/index.php\/wp-json\/wp\/v2\/types\/page"}],"author":[{"embeddable":true,"href":"https:\/\/czarnykwadrat.eu\/index.php\/wp-json\/wp\/v2\/users\/2"}],"replies":[{"embeddable":true,"href":"https:\/\/czarnykwadrat.eu\/index.php\/wp-json\/wp\/v2\/comments?post=14"}],"version-history":[{"count":8,"href":"https:\/\/czarnykwadrat.eu\/index.php\/wp-json\/wp\/v2\/pages\/14\/revisions"}],"predecessor-version":[{"id":764,"href":"https:\/\/czarnykwadrat.eu\/index.php\/wp-json\/wp\/v2\/pages\/14\/revisions\/764"}],"wp:featuredmedia":[{"embeddable":true,"href":"https:\/\/czarnykwadrat.eu\/index.php\/wp-json\/wp\/v2\/media\/64"}],"wp:attachment":[{"href":"https:\/\/czarnykwadrat.eu\/index.php\/wp-json\/wp\/v2\/media?parent=14"}],"curies":[{"name":"wp","href":"https:\/\/api.w.org\/{rel}","templated":true}]}}